{"id":456,"date":"2023-06-05T07:48:20","date_gmt":"2023-06-05T04:48:20","guid":{"rendered":"http:\/\/salmentaka.com\/kyla\/?post_type=tribe_events&#038;p=456"},"modified":"2023-06-05T07:48:20","modified_gmt":"2023-06-05T04:48:20","slug":"vanhojen-valokuvien-ilta","status":"publish","type":"tribe_events","link":"http:\/\/salmentaka.com\/kyla\/event\/vanhojen-valokuvien-ilta\/","title":{"rendered":"Vanhojen valokuvien ilta"},"content":{"rendered":"<p>Luikalan Ty\u00f6v\u00e4entalolla vietet\u00e4\u00e4n vanhojen valokuvien iltaa. Tilaisuuteen voi tuoda kuvia kylist\u00e4mme ja kyl\u00e4l\u00e4isist\u00e4, joista haluaa lis\u00e4tietoa. Paikalla on konkareita, jotka voisivat tunnistaa esim. henkil\u00f6it\u00e4. Illan aikana kuulemme my\u00f6s kyliemme historiaa ja tarinoita. Kahvitarjoilu, vapaaehtoinen kannatusmaksu. Tervetuloa!<\/p>\n","protected":false},"excerpt":{"rendered":"<p>Luikalan Ty\u00f6v\u00e4entalolla vietet\u00e4\u00e4n vanhojen valokuvien iltaa. Tilaisuuteen voi tuoda kuvia kylist\u00e4mme ja kyl\u00e4l\u00e4isist\u00e4, joista haluaa lis\u00e4tietoa. Paikalla on konkareita, jotka voisivat tunnistaa esim. henkil\u00f6it\u00e4. Illan aikana kuulemme my\u00f6s kyliemme historiaa&#8230;<\/p>\n","protected":false},"author":4,"featured_media":0,"template":"","meta":{"ngg_post_thumbnail":0,"_tribe_events_status":"","_tribe_events_status_reason":"","footnotes":""},"tags":[],"tribe_events_cat":[],"class_list":["post-456","tribe_events","type-tribe_events","status-publish","hentry"],"_links":{"self":[{"href":"http:\/\/salmentaka.com\/kyla\/wp-json\/wp\/v2\/tribe_events\/456","targetHints":{"allow":["GET"]}}],"collection":[{"href":"http:\/\/salmentaka.com\/kyla\/wp-json\/wp\/v2\/tribe_events"}],"about":[{"href":"http:\/\/salmentaka.com\/kyla\/wp-json\/wp\/v2\/types\/tribe_events"}],"author":[{"embeddable":true,"href":"http:\/\/salmentaka.com\/kyla\/wp-json\/wp\/v2\/users\/4"}],"version-history":[{"count":1,"href":"http:\/\/salmentaka.com\/kyla\/wp-json\/wp\/v2\/tribe_events\/456\/revisions"}],"predecessor-version":[{"id":457,"href":"http:\/\/salmentaka.com\/kyla\/wp-json\/wp\/v2\/tribe_events\/456\/revisions\/457"}],"wp:attachment":[{"href":"http:\/\/salmentaka.com\/kyla\/wp-json\/wp\/v2\/media?parent=456"}],"wp:term":[{"taxonomy":"post_tag","embeddable":true,"href":"http:\/\/salmentaka.com\/kyla\/wp-json\/wp\/v2\/tags?post=456"},{"taxonomy":"tribe_events_cat","embeddable":true,"href":"http:\/\/salmentaka.com\/kyla\/wp-json\/wp\/v2\/tribe_events_cat?post=456"}],"curies":[{"name":"wp","href":"https:\/\/api.w.org\/{rel}","templated":true}]}}